{"id":31,"date":"2018-01-03T19:52:16","date_gmt":"2018-01-03T18:52:16","guid":{"rendered":"http:\/\/echta-derminga.de\/?page_id=31"},"modified":"2020-07-09T09:13:16","modified_gmt":"2020-07-09T08:13:16","slug":"echta-derminga","status":"publish","type":"page","link":"https:\/\/echta-derminga.de\/?page_id=31","title":{"rendered":"Echta Derminga"},"content":{"rendered":"\n<div class=\"wp-block-image\"><figure class=\"alignleft\"><img loading=\"lazy\" decoding=\"async\" width=\"300\" height=\"249\" src=\"https:\/\/echta-derminga.de\/wp-content\/uploads\/2018\/01\/w900_h746_x450_y373_nk-nk-ILGI_Frank_Klein_3.j_1356-GVM5NN7BP.1-ORG_CCIDIM-098-f706afed1203efa3-300x249.jpg\" alt=\"\" class=\"wp-image-79\" srcset=\"https:\/\/echta-derminga.de\/wp-content\/uploads\/2018\/01\/w900_h746_x450_y373_nk-nk-ILGI_Frank_Klein_3.j_1356-GVM5NN7BP.1-ORG_CCIDIM-098-f706afed1203efa3-300x249.jpg 300w, https:\/\/echta-derminga.de\/wp-content\/uploads\/2018\/01\/w900_h746_x450_y373_nk-nk-ILGI_Frank_Klein_3.j_1356-GVM5NN7BP.1-ORG_CCIDIM-098-f706afed1203efa3-768x637.jpg 768w, https:\/\/echta-derminga.de\/wp-content\/uploads\/2018\/01\/w900_h746_x450_y373_nk-nk-ILGI_Frank_Klein_3.j_1356-GVM5NN7BP.1-ORG_CCIDIM-098-f706afed1203efa3-676x560.jpg 676w, https:\/\/echta-derminga.de\/wp-content\/uploads\/2018\/01\/w900_h746_x450_y373_nk-nk-ILGI_Frank_Klein_3.j_1356-GVM5NN7BP.1-ORG_CCIDIM-098-f706afed1203efa3.jpg 900w\" sizes=\"auto, (max-width: 300px) 100vw, 300px\" \/><\/figure><\/div>\n\n\n\n<p class=\"aphorism maxheight wp-block-paragraph\" style=\"font-size:18px\"><strong>Gestatten, Klein &#8211; Dirmingen.<\/strong><\/p>\n\n\n\n<p class=\"wp-block-paragraph\" style=\"font-size:18px\"><strong>Ich wurde 196<\/strong><strong>9 geboren bin verheiratet und habe drei Kinder.<\/strong><\/p>\n\n\n\n<p class=\"wp-block-paragraph\" style=\"font-size:18px\"><strong>Meine pers\u00f6nlicher Werdegang ist relativ einfach und schnell erz\u00e4hlt:<\/strong><\/p>\n\n\n\n<p class=\"wp-block-paragraph\" style=\"font-size:18px\"><strong>Zun\u00e4chst aus der Kinderstube in den evanglischen Kindergarten Dirmingen &#8211; anschlie\u00dfend Einschulung in der alten Grundschule Dirmingen-danach Hauptschule Eppelborn &#8211; Ausbildung bei den Saarbergwerken &#8211; Bergmann &#8222;Unter Tage&#8220; &#8211; seit 2000 in einem Dienstleistungsunternehmen besch\u00e4ftigt.<\/strong><\/p>\n\n\n\n<p class=\"wp-block-paragraph\" style=\"font-size:18px\"><strong>Seit dem 17.Jahrhundert leben meine Vorfahren, v\u00e4terlicherseits, in Dirmingen. Mein Vater stammte aus dem Hause&#8220; Zimmermichels&#8220; meine Mutter kommt aus Wiesbach. Verwandschaft gibt es , wie im Saarland \u00fcblich, im ganzen Dorf.<\/strong><\/p>\n\n\n\n<p class=\"wp-block-paragraph\" style=\"font-size:18px\"><strong>Ich habe habe einen mittleren Charakter und bin im Wesen wie viele andere. Ich habe Ecken und Kanten und bestimmt auch einige St\u00e4rken. Versunken in der Mittelm\u00e4\u00dfigeit sucht man sich Abwechslungen, Aufgaben oder Zielen. Bei mir pers\u00f6nlich m\u00fcndeten diese Ziele in verschiedene Ehren\u00e4mter.<\/strong><\/p>\n\n\n\n<p class=\"wp-block-paragraph\" style=\"font-size:18px\">Es gibt ein sch\u00f6nes Sprichwort das lautet:&#8220; Wo du weg willst wenn du \u00e4lter wirst und zur\u00fcck willst wenn du alt bist, das ist Heimat&#8220;. So in etwa war das auch auf meinem Lebensweg. In jungen Jahren hatte ich weniger Bindung zum Elternhaus oder zu meinem Dorf. Angetrieben von Fernweh war mir eigentlich recht fr\u00fch klar, dass ich mich ver\u00e4ndern muss. Raus aus dem Trott und weg von Daheim. Ich wollte was erleben und nat\u00fcrlich auch die Welt sehen. Der t\u00e4gliche Marsch zur Schicht und die vorhanden Mittelm\u00e4\u00dfigkeit machten mich m\u00fcrbe. Letztlich bin ich geblieben und fand im Ehrenamt eine Aufgabe, die in mir Begeisterung weckte.<\/p>\n\n\n\n<p class=\"wp-block-paragraph\" style=\"font-size:18px\">\u00dcber den Fu\u00dfball, der immer auch etwas mit Identifikation zu tun hat, wuchs in mir das Interesse an der Geschichte meines Heimatortes Dirmingen. Was mit einer Vereinschronik begann, endete schlie\u00dflich in der Heimatforschung . Heute kann ich mir nicht vorstellen meinen Heimatort zu verlassen. Hier fing alles an, hier sind meine Wurzeln und hier soll es irgendwann enden.<\/p>\n\n\n\n<p class=\"wp-block-paragraph\" style=\"font-size:18px\">Eine neue Umfrage eines Meinungsforschungsinstituts stellte unl\u00e4ngst fest: Die meisten Deutschen wohnen am Ort ihrer Kindheit. 26 Prozent leben immer noch dort oder sind im Laufe ihres Lebens wieder dorthin gezogen. Alleine 30 Prozent der Menschen leben nur wenige Kilometer von ihrem urspr\u00fcnglichen Heimatort entfernt. F\u00fcr mich ist dies ein Indiz daf\u00fcr, dass die Heimat bei jedem Menschen eine gewichtige Rolle spielt. Heimat hat immer auch etwas mit der eigenen Kindheit zu tun. Ein deutsches Sprichwort sagt: &#8220; Man wei\u00df nicht, was man an der Heimat hat, bis man in die Ferne kommt.&#8220; Der Mensch braucht Wurzeln und einen festen Halt in seinem Leben.<\/p>\n\n\n\n<p class=\"wp-block-paragraph\" style=\"font-size:18px\">Ich werde immer wieder von Menschen, die nicht in diesem Dorf geboren wurden, gefragt: Wann bin ich ein ECHTA DERMINGA ? Nat\u00fcrlich gibt es diesbez\u00fcglich keine Richtlinien oder Vorschriften.<\/p>\n\n\n\n<p class=\"wp-block-paragraph\" style=\"font-size:18px\"><strong>Meine Antwort lautet dann immer: Wenn du es f\u00fchlst! Wenn du angekommen bist und dich heimisch f\u00fchlst. Wenn du gerne hier lebst und die Menschen magst. Wenn du traurig wirst wenn etwas altes verloren geht und wenn du dir nicht mehr vorstellen kannst woanders zu leben. Dann mein Freund bist du ein ECHTA DERMINGA.<\/strong><\/p>\n","protected":false},"excerpt":{"rendered":"<p>Gestatten, Klein &#8211; Dirmingen. Ich wurde 1969 geboren bin verheiratet und habe drei Kinder. Meine pers\u00f6nlicher Werdegang ist relativ einfach und schnell erz\u00e4hlt: Zun\u00e4chst aus der Kinderstube in den evanglischen Kindergarten Dirmingen &#8211; anschlie\u00dfend Einschulung in der alten Grundschule Dirmingen-danach Hauptschule Eppelborn &#8211; Ausbildung bei den Saarbergwerken &#8211; Bergmann &#8222;Unter Tage&#8220; &#8211; seit 2000 in einem Dienstleistungsunternehmen besch\u00e4ftigt. Seit dem<\/p>\n","protected":false},"author":1,"featured_media":0,"parent":0,"menu_order":3,"comment_status":"closed","ping_status":"closed","template":"","meta":{"_crdt_document":"","footnotes":""},"class_list":["post-31","page","type-page","status-publish","hentry"],"_links":{"self":[{"href":"https:\/\/echta-derminga.de\/index.php?rest_route=\/wp\/v2\/pages\/31","targetHints":{"allow":["GET"]}}],"collection":[{"href":"https:\/\/echta-derminga.de\/index.php?rest_route=\/wp\/v2\/pages"}],"about":[{"href":"https:\/\/echta-derminga.de\/index.php?rest_route=\/wp\/v2\/types\/page"}],"author":[{"embeddable":true,"href":"https:\/\/echta-derminga.de\/index.php?rest_route=\/wp\/v2\/users\/1"}],"replies":[{"embeddable":true,"href":"https:\/\/echta-derminga.de\/index.php?rest_route=%2Fwp%2Fv2%2Fcomments&post=31"}],"version-history":[{"count":17,"href":"https:\/\/echta-derminga.de\/index.php?rest_route=\/wp\/v2\/pages\/31\/revisions"}],"predecessor-version":[{"id":6774,"href":"https:\/\/echta-derminga.de\/index.php?rest_route=\/wp\/v2\/pages\/31\/revisions\/6774"}],"wp:attachment":[{"href":"https:\/\/echta-derminga.de\/index.php?rest_route=%2Fwp%2Fv2%2Fmedia&parent=31"}],"curies":[{"name":"wp","href":"https:\/\/api.w.org\/{rel}","templated":true}]}}